{"id":19425,"date":"2024-02-08T14:32:56","date_gmt":"2024-02-08T14:32:56","guid":{"rendered":"https:\/\/wekan.ma\/?post_type=produit&#038;p=19425"},"modified":"2025-04-30T15:03:56","modified_gmt":"2025-04-30T15:03:56","slug":"riad-nl","status":"publish","type":"produit","link":"https:\/\/wekan.ma\/en\/produit\/riad-nl\/","title":{"rendered":"Vendu"},"content":{"rendered":"<p>Contrairement aux riads traditionnels, qui arborent souvent une d\u00e9coration marocaine classique, ce riad a \u00e9t\u00e9 r\u00e9nov\u00e9 selon un style contemporain. Cela implique une esth\u00e9tique \u00e9pur\u00e9e, des lignes simples et une utilisation de mat\u00e9riaux modernes, sobres aux couleurs douces.<\/p>\n<p>La r\u00e9novation a \u00e9t\u00e9 r\u00e9alis\u00e9e par son propri\u00e9taire, professionnel de la construction en M\u00e9dina.<\/p>\n<p>Des mat\u00e9riaux haut de gamme,\u00a0 des rev\u00eatements de sol et muraux originaux et de qualit\u00e9 sup\u00e9rieure, des installations sanitaires de luxe, des menuiseries et des finitions soign\u00e9es, garantissent non seulement l&#8217;esth\u00e9tique du lieu mais aussi sa durabilit\u00e9.<\/p>\n<p>Chaque chambre dispose de sa propre salle de bain int\u00e9gr\u00e9e \u00e0 la pi\u00e8ce, dans un\u00a0 d\u00e9cor \u00e9l\u00e9gant et recherch\u00e9, o\u00f9 chaque objet a \u00e9t\u00e9 r\u00e9fl\u00e9chi et r\u00e9alis\u00e9 sur mesure.<\/p>\n<p>Le riad comprend un salon avec un ameublement de belle facture,\u00a0 une salle \u00e0 manger pour les moments de d\u00e9tente et les repas en commun. L&#8217;agencement favorise une atmosph\u00e8re chaleureuse et accueillante. Un joli poele \u00e0 bois parfait \u00e0 l&#8217;ambiance de cette maison.<\/p>\n<p>Les terrasses offrent une vue imprenable sur la vieille ville de Marrakech, permettant d&#8217;appr\u00e9cier le panorama\u00a0 et les montagnes de l&#8217;Atlas au loin. Un solarium, un coin salon, un espace repas et une cuisine d&#8217;\u00e9t\u00e9 permettront de profiter pleinement de cet espace \u00e0 vivre.<\/p>\n<p>Le riad est vendu enti\u00e8rement meubl\u00e9 et \u00e9quip\u00e9, ce qui facilite l&#8217;emm\u00e9nagement imm\u00e9diat ou la mise en location. Les futurs propri\u00e9taires\u00a0 n&#8217;auront pas \u00e0 se soucier de l&#8217;ameublement qui a \u00e9t\u00e9 dessin\u00e9 par le propri\u00e9taire et r\u00e9alis\u00e9 avec les meilleurs artisans de la ville. La cuisine ouverte sur la pi\u00e8ce \u00e0 vivre offre tout le n\u00e9cessaire,\u00a0 le tout dans le moindre d\u00e9tail et dans la qualit\u00e9.<\/p>\n<p>Situ\u00e9 dans un quartier touristique et pris\u00e9 avec un parking \u00e0 200m, ce riad repr\u00e9sente une opportunit\u00e9 rare et pr\u00e9cieuse pour les investisseurs ou les particuliers \u00e0 la recherche d&#8217;un bien d&#8217;exception dans la m\u00e9dina de Marrakech. Sa r\u00e9novation contemporaine, sa qualit\u00e9 et ses am\u00e9nagements en font un choix de premier ordre pour la r\u00e9sidence ou l&#8217;investissement locatif.<\/p>\n","protected":false},"featured_media":19417,"parent":0,"template":"","type_bien":[163],"ville":[271],"etat":[174],"exclusivite":[],"style_construction":[115],"ameublement":[135],"ville_main":[277],"prod_cat":[],"autre_exterieur":[],"equipements":[],"publication":[],"nouveau":[324],"acf":[],"_links":{"self":[{"href":"https:\/\/wekan.ma\/en\/wp-json\/wp\/v2\/produit\/19425"}],"collection":[{"href":"https:\/\/wekan.ma\/en\/wp-json\/wp\/v2\/produit"}],"about":[{"href":"https:\/\/wekan.ma\/en\/wp-json\/wp\/v2\/types\/produit"}],"version-history":[{"count":0,"href":"https:\/\/wekan.ma\/en\/wp-json\/wp\/v2\/produit\/19425\/revisions"}],"wp:featuredmedia":[{"embeddable":true,"href":"https:\/\/wekan.ma\/en\/wp-json\/wp\/v2\/media\/19417"}],"wp:attachment":[{"href":"https:\/\/wekan.ma\/en\/wp-json\/wp\/v2\/media?parent=19425"}],"wp:term":[{"taxonomy":"type_bien","embeddable":true,"href":"https:\/\/wekan.ma\/en\/wp-json\/wp\/v2\/type_bien?post=19425"},{"taxonomy":"ville","embeddable":true,"href":"https:\/\/wekan.ma\/en\/wp-json\/wp\/v2\/ville?post=19425"},{"taxonomy":"etat","embeddable":true,"href":"https:\/\/wekan.ma\/en\/wp-json\/wp\/v2\/etat?post=19425"},{"taxonomy":"exclusivite","embeddable":true,"href":"https:\/\/wekan.ma\/en\/wp-json\/wp\/v2\/exclusivite?post=19425"},{"taxonomy":"style_construction","embeddable":true,"href":"https:\/\/wekan.ma\/en\/wp-json\/wp\/v2\/style_construction?post=19425"},{"taxonomy":"ameublement","embeddable":true,"href":"https:\/\/wekan.ma\/en\/wp-json\/wp\/v2\/ameublement?post=19425"},{"taxonomy":"ville_main","embeddable":true,"href":"https:\/\/wekan.ma\/en\/wp-json\/wp\/v2\/ville_main?post=19425"},{"taxonomy":"prod_cat","embeddable":true,"href":"https:\/\/wekan.ma\/en\/wp-json\/wp\/v2\/prod_cat?post=19425"},{"taxonomy":"autre_exterieur","embeddable":true,"href":"https:\/\/wekan.ma\/en\/wp-json\/wp\/v2\/autre_exterieur?post=19425"},{"taxonomy":"equipements","embeddable":true,"href":"https:\/\/wekan.ma\/en\/wp-json\/wp\/v2\/equipements?post=19425"},{"taxonomy":"publication","embeddable":true,"href":"https:\/\/wekan.ma\/en\/wp-json\/wp\/v2\/publication?post=19425"},{"taxonomy":"nouveau","embeddable":true,"href":"https:\/\/wekan.ma\/en\/wp-json\/wp\/v2\/nouveau?post=19425"}],"curies":[{"name":"wp","href":"https:\/\/api.w.org\/{rel}","templated":true}]}}