{"id":16377,"date":"2023-02-06T19:51:23","date_gmt":"2023-02-06T19:51:23","guid":{"rendered":"https:\/\/wekan.ma\/?post_type=vacance&#038;p=16377"},"modified":"2025-10-25T08:44:15","modified_gmt":"2025-10-25T08:44:15","slug":"villa-fb","status":"publish","type":"vacance","link":"https:\/\/wekan.ma\/en\/vacance\/villa-fb\/","title":{"rendered":"Villa FB"},"content":{"rendered":"<p>Cette superbe villa est situ\u00e9e sur la route de l&#8217;Ourika.<\/p>\n<p>Au coeur d&#8217;un domaine priv\u00e9, elle est l&#8217;expression m\u00eame d&#8217;une \u00e9l\u00e9gance raffin\u00e9e alliant confort et harmonie.<\/p>\n<p>Sans compter la beaut\u00e9 et les volumes de cette villa contemporaine, son jardin luxuriant de 5000m2 ainsi que sa piscine constituent les atouts majeurs de ce bien qui propose\u00a0 :<\/p>\n<ul>\n<li>\u00a0Un vaste salon\/chemin\u00e9e ouvert sur la piscine avec de grandes baies vitr\u00e9es<\/li>\n<li>Une salle \u00e0 manger originale tant par sa forme que par sa conception<\/li>\n<li>Une cuisine enti\u00e8rement \u00e9quip\u00e9e ainsi qu&#8217;une buanderie<\/li>\n<li>Trois chambres situ\u00e9es au rez-de chauss\u00e9e avec leur salle de bain individuelle<\/li>\n<li>Un salon de lecture avec sa terrasse propice \u00e0 la d\u00e9tente et \u00e0 la sieste<\/li>\n<li>Une chambre master \u00e0 l&#8217;\u00e9tage avec sa terrasse privative dominant le jardin<\/li>\n<li>Trois terrasses permettant de d\u00e9jeuner et de se d\u00e9tendre en toute convivialit\u00e9<\/li>\n<\/ul>\n<p>Une cuisini\u00e8re ainsi qu&#8217;un jardinier vous seront totalement d\u00e9vou\u00e9s lors de votre s\u00e9jour afin que celui-ci figure parmi vos plus beaux souvenirs de vacances.<\/p>\n","protected":false},"featured_media":16293,"parent":0,"template":"","type_bien":[165],"ville":[186],"ville_main":[277],"publication":[],"publication_vac":[],"acf":[],"_links":{"self":[{"href":"https:\/\/wekan.ma\/en\/wp-json\/wp\/v2\/vacance\/16377"}],"collection":[{"href":"https:\/\/wekan.ma\/en\/wp-json\/wp\/v2\/vacance"}],"about":[{"href":"https:\/\/wekan.ma\/en\/wp-json\/wp\/v2\/types\/vacance"}],"version-history":[{"count":0,"href":"https:\/\/wekan.ma\/en\/wp-json\/wp\/v2\/vacance\/16377\/revisions"}],"wp:featuredmedia":[{"embeddable":true,"href":"https:\/\/wekan.ma\/en\/wp-json\/wp\/v2\/media\/16293"}],"wp:attachment":[{"href":"https:\/\/wekan.ma\/en\/wp-json\/wp\/v2\/media?parent=16377"}],"wp:term":[{"taxonomy":"type_bien","embeddable":true,"href":"https:\/\/wekan.ma\/en\/wp-json\/wp\/v2\/type_bien?post=16377"},{"taxonomy":"ville","embeddable":true,"href":"https:\/\/wekan.ma\/en\/wp-json\/wp\/v2\/ville?post=16377"},{"taxonomy":"ville_main","embeddable":true,"href":"https:\/\/wekan.ma\/en\/wp-json\/wp\/v2\/ville_main?post=16377"},{"taxonomy":"publication","embeddable":true,"href":"https:\/\/wekan.ma\/en\/wp-json\/wp\/v2\/publication?post=16377"},{"taxonomy":"publication_vac","embeddable":true,"href":"https:\/\/wekan.ma\/en\/wp-json\/wp\/v2\/publication_vac?post=16377"}],"curies":[{"name":"wp","href":"https:\/\/api.w.org\/{rel}","templated":true}]}}